{"id":2926,"date":"2020-10-28T10:40:04","date_gmt":"2020-10-28T10:40:04","guid":{"rendered":"https:\/\/www.familialuiscanas.com\/web\/?page_id=2926"},"modified":"2022-01-12T12:21:57","modified_gmt":"2022-01-12T12:21:57","slug":"pilares-de-amaren","status":"publish","type":"page","link":"https:\/\/www.familialuiscanas.com\/web\/pilares-de-amaren\/","title":{"rendered":"Pilares de Amaren"},"content":{"rendered":"<div class=\"large-12 columns no-padding\" style=\"text-align: center;\">\n<p><a id=\"botella\" class=\"vinos primero\" href=\"https:\/\/www.familialuiscanas.com\/web\/categoria-producto\/amaren\/blanco-barrica-2\/\"><span class=\"nombre-vino\">Blanco Barrica<\/span><img loading=\"lazy\" src=\"https:\/\/www.bodegasamaren.com\/blog\/wp-content\/uploads\/2014\/10\/blanco1.png\" alt=\"blanco\" width=\"134\" height=\"600\" \/><\/a><\/p>\n<p><a id=\"botella\" class=\"vinos\" href=\"https:\/\/www.familialuiscanas.com\/web\/categoria-producto\/amaren\/crianza-2\/\"><span class=\"nombre-vino\">Selecci\u00f3n de Vi\u00f1edos<\/span><img loading=\"lazy\" src=\"https:\/\/www.bodegasamaren.com\/blog\/wp-content\/uploads\/2014\/10\/ama-cria.png\" alt=\"ama-cria\" width=\"134\" height=\"600\" \/><\/a><\/p>\n<p><a id=\"botella\" class=\"vinos\" href=\"https:\/\/www.familialuiscanas.com\/web\/categoria-producto\/amaren\/angeles-de-amaren\/\"><span class=\"nombre-vino\">\u00c1ngeles de Amaren<\/span><img loading=\"lazy\" src=\"https:\/\/www.bodegasamaren.com\/blog\/wp-content\/uploads\/2014\/10\/ama-angeles1.png\" alt=\"angeles-amaren\" width=\"134\" height=\"600\" \/><\/a><\/p>\n<p><a id=\"botella\" class=\"vinos\" href=\"https:\/\/www.familialuiscanas.com\/web\/categoria-producto\/amaren\/amaren-reserva-60\/\"><span class=\"nombre-vino\">RESERVA 60<\/span><img loading=\"lazy\" src=\"https:\/\/www.bodegasamaren.com\/blog\/wp-content\/uploads\/2014\/10\/ama-601.png\" alt=\"RESERVA 60\" width=\"134\" height=\"600\" \/><\/a><\/p>\n<\/div>\n<p>&nbsp;<\/p>\n<p>&nbsp;<\/p>\n","protected":false},"excerpt":{"rendered":"<p>Blanco Barrica Selecci\u00f3n de Vi\u00f1edos \u00c1ngeles de Amaren RESERVA 60 &nbsp; &nbsp;<\/p>\n","protected":false},"author":1,"featured_media":0,"parent":0,"menu_order":0,"comment_status":"closed","ping_status":"closed","template":"","meta":[],"_links":{"self":[{"href":"https:\/\/www.familialuiscanas.com\/web\/wp-json\/wp\/v2\/pages\/2926"}],"collection":[{"href":"https:\/\/www.familialuiscanas.com\/web\/wp-json\/wp\/v2\/pages"}],"about":[{"href":"https:\/\/www.familialuiscanas.com\/web\/wp-json\/wp\/v2\/types\/page"}],"author":[{"embeddable":true,"href":"https:\/\/www.familialuiscanas.com\/web\/wp-json\/wp\/v2\/users\/1"}],"replies":[{"embeddable":true,"href":"https:\/\/www.familialuiscanas.com\/web\/wp-json\/wp\/v2\/comments?post=2926"}],"version-history":[{"count":6,"href":"https:\/\/www.familialuiscanas.com\/web\/wp-json\/wp\/v2\/pages\/2926\/revisions"}],"predecessor-version":[{"id":3836,"href":"https:\/\/www.familialuiscanas.com\/web\/wp-json\/wp\/v2\/pages\/2926\/revisions\/3836"}],"wp:attachment":[{"href":"https:\/\/www.familialuiscanas.com\/web\/wp-json\/wp\/v2\/media?parent=2926"}],"curies":[{"name":"wp","href":"https:\/\/api.w.org\/{rel}","templated":true}]}}